{"id":10595,"date":"2024-11-05T03:10:42","date_gmt":"2024-11-05T02:10:42","guid":{"rendered":"https:\/\/www.pucesducanal.com\/?page_id=10595"},"modified":"2025-06-06T11:43:59","modified_gmt":"2025-06-06T09:43:59","slug":"faq-marchands","status":"publish","type":"page","link":"https:\/\/www.pucesducanal.com\/fr\/faq-marchands\/","title":{"rendered":"FAQ marchands"},"content":{"rendered":"\t\t<div data-elementor-type=\"wp-page\" data-elementor-id=\"10595\" class=\"elementor elementor-10595\">\n\t\t\t\t<div class=\"elementor-element elementor-element-20d113a e-flex e-con-boxed e-con e-parent\" data-id=\"20d113a\" data-element_type=\"container\" data-e-type=\"container\">\n\t\t\t\t\t<div class=\"e-con-inner\">\n\t\t\t\t<div class=\"elementor-element elementor-element-7fbba73 elementor-widget elementor-widget-text-editor\" data-id=\"7fbba73\" data-element_type=\"widget\" data-e-type=\"widget\" data-widget_type=\"text-editor.default\">\n\t\t\t\t<div class=\"elementor-widget-container\">\n\t\t\t\t\t\t\t\t\t<p>Vous avez des questions concernant la r\u00e9servation aux Puces du Canal afin de vendre des objets ? Professionnels et particuliers, nous vous apportons les r\u00e9ponses \u00e0 toutes vos questions !<\/p>\t\t\t\t\t\t\t\t<\/div>\n\t\t\t\t<\/div>\n\t\t\t\t<div class=\"elementor-element elementor-element-67fe3ad elementor-widget elementor-widget-toggle\" data-id=\"67fe3ad\" data-element_type=\"widget\" data-e-type=\"widget\" data-widget_type=\"toggle.default\">\n\t\t\t\t<div class=\"elementor-widget-container\">\n\t\t\t\t\t\t\t<div class=\"elementor-toggle\">\n\t\t\t\t\t\t\t<div class=\"elementor-toggle-item\">\n\t\t\t\t\t<div id=\"elementor-tab-title-1091\" class=\"elementor-tab-title\" data-tab=\"1\" role=\"button\" aria-controls=\"elementor-tab-content-1091\" aria-expanded=\"false\">\n\t\t\t\t\t\t\t\t\t\t\t\t<span class=\"elementor-toggle-icon elementor-toggle-icon-left\" aria-hidden=\"true\">\n\t\t\t\t\t\t\t\t\t\t\t\t\t\t\t<span class=\"elementor-toggle-icon-closed\"><svg class=\"e-font-icon-svg e-fas-caret-right\" viewBox=\"0 0 192 512\" xmlns=\"http:\/\/www.w3.org\/2000\/svg\"><path d=\"M0 384.662V127.338c0-17.818 21.543-26.741 34.142-14.142l128.662 128.662c7.81 7.81 7.81 20.474 0 28.284L34.142 398.804C21.543 411.404 0 402.48 0 384.662z\"><\/path><\/svg><\/span>\n\t\t\t\t\t\t\t\t<span class=\"elementor-toggle-icon-opened\"><svg class=\"elementor-toggle-icon-opened e-font-icon-svg e-fas-caret-up\" viewBox=\"0 0 320 512\" xmlns=\"http:\/\/www.w3.org\/2000\/svg\"><path d=\"M288.662 352H31.338c-17.818 0-26.741-21.543-14.142-34.142l128.662-128.662c7.81-7.81 20.474-7.81 28.284 0l128.662 128.662c12.6 12.599 3.676 34.142-14.142 34.142z\"><\/path><\/svg><\/span>\n\t\t\t\t\t\t\t\t\t\t\t\t\t<\/span>\n\t\t\t\t\t\t\t\t\t\t\t\t<a class=\"elementor-toggle-title\" tabindex=\"0\">Qui peut d\u00e9baller aux Puces du Canal et comment ?<\/a>\n\t\t\t\t\t<\/div>\n\n\t\t\t\t\t<div id=\"elementor-tab-content-1091\" class=\"elementor-tab-content elementor-clearfix\" data-tab=\"1\" role=\"region\" aria-labelledby=\"elementor-tab-title-1091\"><p><b>JEUDI (professionnels uniquement)<\/b><br \/>Tarif unique : 30\u20ac (20, 30 ou 40m2). \u00a0<br \/>Rendez-vous \u00e0 partir de 5:00 \u00e0 l\u2019accueil avec\u00a0<strong>photocopie<\/strong>\u00a0de la pi\u00e8ce d\u2019identit\u00e9 et num\u00e9ro de registre du commerce (Kbis)<\/p><p><b>SAMEDI (professionnels et particuliers)<\/b><br \/>Tarif unique : 20\u20ac (20m2)<br \/><strong>Professionnels :<\/strong> rendez-vous \u00e0 partir de 6:00 \u00e0 l\u2019accueil avec <strong>photocopie<\/strong>\u00a0de la pi\u00e8ce d\u2019identit\u00e9 et num\u00e9ro de registre du commerce (Kbis)<br \/><strong>Particuliers :<\/strong> rendez-vous \u00e0 partir de 6:00 \u00e0 l\u2019accueil avec <strong>photocopie<\/strong>\u00a0de la pi\u00e8ce d\u2019identit\u00e9 et r\u00e9servation Yurplan<\/p><p><b>DIMANCHE (professionnels uniquement)<\/b><br \/>20m2 = 40\u20ac \/ 30m2 = 60\u20ac \/ 40m2 = 80\u20ac<br \/><strong>Professionnels :<\/strong>\u00a0Rendez-vous \u00e0 partir de 4:30 \u00e0 l\u2019accueil avec\u00a0<strong>photocopie<\/strong>\u00a0de la pi\u00e8ce d\u2019identit\u00e9 et num\u00e9ro de registre du commerce (Kbis) (et r\u00e9servation Yurplan si r\u00e9servation en ligne)<\/p><p>Possibilit\u00e9 de mettre un v\u00e9hicule sur l\u2019emplacement.<\/p><p><a href=\"https:\/\/yurplan.com\/orga\/Les-Puces-du-Canal\/3889\" target=\"_blank\" rel=\"noopener\">R\u00e9servation en ligne<\/a><\/p><\/div>\n\t\t\t\t<\/div>\n\t\t\t\t\t\t\t<div class=\"elementor-toggle-item\">\n\t\t\t\t\t<div id=\"elementor-tab-title-1092\" class=\"elementor-tab-title\" data-tab=\"2\" role=\"button\" aria-controls=\"elementor-tab-content-1092\" aria-expanded=\"false\">\n\t\t\t\t\t\t\t\t\t\t\t\t<span class=\"elementor-toggle-icon elementor-toggle-icon-left\" aria-hidden=\"true\">\n\t\t\t\t\t\t\t\t\t\t\t\t\t\t\t<span class=\"elementor-toggle-icon-closed\"><svg class=\"e-font-icon-svg e-fas-caret-right\" viewBox=\"0 0 192 512\" xmlns=\"http:\/\/www.w3.org\/2000\/svg\"><path d=\"M0 384.662V127.338c0-17.818 21.543-26.741 34.142-14.142l128.662 128.662c7.81 7.81 7.81 20.474 0 28.284L34.142 398.804C21.543 411.404 0 402.48 0 384.662z\"><\/path><\/svg><\/span>\n\t\t\t\t\t\t\t\t<span class=\"elementor-toggle-icon-opened\"><svg class=\"elementor-toggle-icon-opened e-font-icon-svg e-fas-caret-up\" viewBox=\"0 0 320 512\" xmlns=\"http:\/\/www.w3.org\/2000\/svg\"><path d=\"M288.662 352H31.338c-17.818 0-26.741-21.543-14.142-34.142l128.662-128.662c7.81-7.81 20.474-7.81 28.284 0l128.662 128.662c12.6 12.599 3.676 34.142-14.142 34.142z\"><\/path><\/svg><\/span>\n\t\t\t\t\t\t\t\t\t\t\t\t\t<\/span>\n\t\t\t\t\t\t\t\t\t\t\t\t<a class=\"elementor-toggle-title\" tabindex=\"0\">Quels sont les jours et horaires d'ouverture des Puces du Canal ?<\/a>\n\t\t\t\t\t<\/div>\n\n\t\t\t\t\t<div id=\"elementor-tab-content-1092\" class=\"elementor-tab-content elementor-clearfix\" data-tab=\"2\" role=\"region\" aria-labelledby=\"elementor-tab-title-1092\"><p>Les Puces du Canal sont ouvertes toute l\u2019ann\u00e9e m\u00eame les jours f\u00e9ri\u00e9s\u00a0:<\/p><ul><li>Les jeudis de 7h \u00e0 13h<\/li><li>Les samedis de 7h \u00e0 13h<\/li><li>Les dimanches de 7h \u00e0 15h<\/li><\/ul><\/div>\n\t\t\t\t<\/div>\n\t\t\t\t\t\t\t<div class=\"elementor-toggle-item\">\n\t\t\t\t\t<div id=\"elementor-tab-title-1093\" class=\"elementor-tab-title\" data-tab=\"3\" role=\"button\" aria-controls=\"elementor-tab-content-1093\" aria-expanded=\"false\">\n\t\t\t\t\t\t\t\t\t\t\t\t<span class=\"elementor-toggle-icon elementor-toggle-icon-left\" aria-hidden=\"true\">\n\t\t\t\t\t\t\t\t\t\t\t\t\t\t\t<span class=\"elementor-toggle-icon-closed\"><svg class=\"e-font-icon-svg e-fas-caret-right\" viewBox=\"0 0 192 512\" xmlns=\"http:\/\/www.w3.org\/2000\/svg\"><path d=\"M0 384.662V127.338c0-17.818 21.543-26.741 34.142-14.142l128.662 128.662c7.81 7.81 7.81 20.474 0 28.284L34.142 398.804C21.543 411.404 0 402.48 0 384.662z\"><\/path><\/svg><\/span>\n\t\t\t\t\t\t\t\t<span class=\"elementor-toggle-icon-opened\"><svg class=\"elementor-toggle-icon-opened e-font-icon-svg e-fas-caret-up\" viewBox=\"0 0 320 512\" xmlns=\"http:\/\/www.w3.org\/2000\/svg\"><path d=\"M288.662 352H31.338c-17.818 0-26.741-21.543-14.142-34.142l128.662-128.662c7.81-7.81 20.474-7.81 28.284 0l128.662 128.662c12.6 12.599 3.676 34.142-14.142 34.142z\"><\/path><\/svg><\/span>\n\t\t\t\t\t\t\t\t\t\t\t\t\t<\/span>\n\t\t\t\t\t\t\t\t\t\t\t\t<a class=\"elementor-toggle-title\" tabindex=\"0\">Quels types de marchandises est-il possible de vendre ?<\/a>\n\t\t\t\t\t<\/div>\n\n\t\t\t\t\t<div id=\"elementor-tab-content-1093\" class=\"elementor-tab-content elementor-clearfix\" data-tab=\"3\" role=\"region\" aria-labelledby=\"elementor-tab-title-1093\"><p><strong>Antiquit\u00e9s, brocante, vintage et design<\/strong><\/p><p>Tous les objets d\u2019\u00e9poque (jusqu\u2019aux ann\u00e9es 90) sont autoris\u00e9s aux Puces du Canal : meubles, bibelots, peintures, lustres, jouets anciens, affiches, disques anciens, livres, meubles de m\u00e9tiers, mobilier de jardin ancien, mobilier industriel, d\u00e9co, design, v\u00eatements vintage (d\u00e9j\u00e0 utilis\u00e9s, port\u00e9s)\u2026<\/p><p><strong>Attention<\/strong> : Il est interdit de vendre tout objet produit au-del\u00e0 des ann\u00e9es 90, y compris des v\u00eatements (hors fripe vintage) ou des articles neufs, pi\u00e8ces automobiles neuves, \u00e9lectrom\u00e9nager, Hi-Fi, t\u00e9l\u00e9phone\u2026<\/p><p><strong><span class=\"OYPEnA font-feature-liga-off font-feature-clig-off font-feature-calt-off text-decoration-none text-strikethrough-none\">La qualit\u00e9 des objets propos\u00e9s \u00e0 la vente est essentielle : elle refl\u00e8te l\u2019image et l\u2019exigence des Puces du Canal. <br \/>Aucun \u00e9cart \u00e0 ce principe ne sera tol\u00e9r\u00e9.<\/span><\/strong><\/p><\/div>\n\t\t\t\t<\/div>\n\t\t\t\t\t\t\t<div class=\"elementor-toggle-item\">\n\t\t\t\t\t<div id=\"elementor-tab-title-1094\" class=\"elementor-tab-title\" data-tab=\"4\" role=\"button\" aria-controls=\"elementor-tab-content-1094\" aria-expanded=\"false\">\n\t\t\t\t\t\t\t\t\t\t\t\t<span class=\"elementor-toggle-icon elementor-toggle-icon-left\" aria-hidden=\"true\">\n\t\t\t\t\t\t\t\t\t\t\t\t\t\t\t<span class=\"elementor-toggle-icon-closed\"><svg class=\"e-font-icon-svg e-fas-caret-right\" viewBox=\"0 0 192 512\" xmlns=\"http:\/\/www.w3.org\/2000\/svg\"><path d=\"M0 384.662V127.338c0-17.818 21.543-26.741 34.142-14.142l128.662 128.662c7.81 7.81 7.81 20.474 0 28.284L34.142 398.804C21.543 411.404 0 402.48 0 384.662z\"><\/path><\/svg><\/span>\n\t\t\t\t\t\t\t\t<span class=\"elementor-toggle-icon-opened\"><svg class=\"elementor-toggle-icon-opened e-font-icon-svg e-fas-caret-up\" viewBox=\"0 0 320 512\" xmlns=\"http:\/\/www.w3.org\/2000\/svg\"><path d=\"M288.662 352H31.338c-17.818 0-26.741-21.543-14.142-34.142l128.662-128.662c7.81-7.81 20.474-7.81 28.284 0l128.662 128.662c12.6 12.599 3.676 34.142-14.142 34.142z\"><\/path><\/svg><\/span>\n\t\t\t\t\t\t\t\t\t\t\t\t\t<\/span>\n\t\t\t\t\t\t\t\t\t\t\t\t<a class=\"elementor-toggle-title\" tabindex=\"0\">Quelle est l'entr\u00e9e des Puces du Canal pour les marchands ?<\/a>\n\t\t\t\t\t<\/div>\n\n\t\t\t\t\t<div id=\"elementor-tab-content-1094\" class=\"elementor-tab-content elementor-clearfix\" data-tab=\"4\" role=\"region\" aria-labelledby=\"elementor-tab-title-1094\"><p>L\u2019entr\u00e9e des marchands, professionnels ou particuliers, est au 1 rue du Canal, 69100 Villeurbanne.<\/p><\/div>\n\t\t\t\t<\/div>\n\t\t\t\t\t\t\t<div class=\"elementor-toggle-item\">\n\t\t\t\t\t<div id=\"elementor-tab-title-1095\" class=\"elementor-tab-title\" data-tab=\"5\" role=\"button\" aria-controls=\"elementor-tab-content-1095\" aria-expanded=\"false\">\n\t\t\t\t\t\t\t\t\t\t\t\t<span class=\"elementor-toggle-icon elementor-toggle-icon-left\" aria-hidden=\"true\">\n\t\t\t\t\t\t\t\t\t\t\t\t\t\t\t<span class=\"elementor-toggle-icon-closed\"><svg class=\"e-font-icon-svg e-fas-caret-right\" viewBox=\"0 0 192 512\" xmlns=\"http:\/\/www.w3.org\/2000\/svg\"><path d=\"M0 384.662V127.338c0-17.818 21.543-26.741 34.142-14.142l128.662 128.662c7.81 7.81 7.81 20.474 0 28.284L34.142 398.804C21.543 411.404 0 402.48 0 384.662z\"><\/path><\/svg><\/span>\n\t\t\t\t\t\t\t\t<span class=\"elementor-toggle-icon-opened\"><svg class=\"elementor-toggle-icon-opened e-font-icon-svg e-fas-caret-up\" viewBox=\"0 0 320 512\" xmlns=\"http:\/\/www.w3.org\/2000\/svg\"><path d=\"M288.662 352H31.338c-17.818 0-26.741-21.543-14.142-34.142l128.662-128.662c7.81-7.81 20.474-7.81 28.284 0l128.662 128.662c12.6 12.599 3.676 34.142-14.142 34.142z\"><\/path><\/svg><\/span>\n\t\t\t\t\t\t\t\t\t\t\t\t\t<\/span>\n\t\t\t\t\t\t\t\t\t\t\t\t<a class=\"elementor-toggle-title\" tabindex=\"0\">Y-a-t-il un parking sur place ?<\/a>\n\t\t\t\t\t<\/div>\n\n\t\t\t\t\t<div id=\"elementor-tab-content-1095\" class=\"elementor-tab-content elementor-clearfix\" data-tab=\"5\" role=\"region\" aria-labelledby=\"elementor-tab-title-1095\"><p>Oui, vous avez \u00e0 votre disposition un parking avec plus de 1000 places pour 4\u20ac\/jour (parking surveill\u00e9).<\/p><p>En tant que marchand, vous avez la possibilit\u00e9 de garer un v\u00e9hicule sur votre emplacement.<\/p><p><strong>Attention<\/strong> : la circulation de v\u00e9hicule motoris\u00e9 est interdite sur l&rsquo;ensemble du site d\u00e8s 7 heures du matin.<\/p><\/div>\n\t\t\t\t<\/div>\n\t\t\t\t\t\t\t<div class=\"elementor-toggle-item\">\n\t\t\t\t\t<div id=\"elementor-tab-title-1096\" class=\"elementor-tab-title\" data-tab=\"6\" role=\"button\" aria-controls=\"elementor-tab-content-1096\" aria-expanded=\"false\">\n\t\t\t\t\t\t\t\t\t\t\t\t<span class=\"elementor-toggle-icon elementor-toggle-icon-left\" aria-hidden=\"true\">\n\t\t\t\t\t\t\t\t\t\t\t\t\t\t\t<span class=\"elementor-toggle-icon-closed\"><svg class=\"e-font-icon-svg e-fas-caret-right\" viewBox=\"0 0 192 512\" xmlns=\"http:\/\/www.w3.org\/2000\/svg\"><path d=\"M0 384.662V127.338c0-17.818 21.543-26.741 34.142-14.142l128.662 128.662c7.81 7.81 7.81 20.474 0 28.284L34.142 398.804C21.543 411.404 0 402.48 0 384.662z\"><\/path><\/svg><\/span>\n\t\t\t\t\t\t\t\t<span class=\"elementor-toggle-icon-opened\"><svg class=\"elementor-toggle-icon-opened e-font-icon-svg e-fas-caret-up\" viewBox=\"0 0 320 512\" xmlns=\"http:\/\/www.w3.org\/2000\/svg\"><path d=\"M288.662 352H31.338c-17.818 0-26.741-21.543-14.142-34.142l128.662-128.662c7.81-7.81 20.474-7.81 28.284 0l128.662 128.662c12.6 12.599 3.676 34.142-14.142 34.142z\"><\/path><\/svg><\/span>\n\t\t\t\t\t\t\t\t\t\t\t\t\t<\/span>\n\t\t\t\t\t\t\t\t\t\t\t\t<a class=\"elementor-toggle-title\" tabindex=\"0\">J'aimerais louer un local aux Puces du Canal, \u00e0 qui dois-je m'adresser ?<\/a>\n\t\t\t\t\t<\/div>\n\n\t\t\t\t\t<div id=\"elementor-tab-content-1096\" class=\"elementor-tab-content elementor-clearfix\" data-tab=\"6\" role=\"region\" aria-labelledby=\"elementor-tab-title-1096\"><p>Merci de vous adresser \u00e0 la Direction. Nous \u00e9tudierons votre projet de boutique avant de revenir vers vous.<\/p><p><a href=\"mailto:administratif@pucesducanal.com\"><strong>administratif@pucesducanal.com<\/strong><\/a><\/p><\/div>\n\t\t\t\t<\/div>\n\t\t\t\t\t\t\t\t<\/div>\n\t\t\t\t\t\t<\/div>\n\t\t\t\t<\/div>\n\t\t\t\t\t<\/div>\n\t\t\t\t<\/div>\n\t\t\t\t<\/div>\n\t\t","protected":false},"excerpt":{"rendered":"<p>Vous avez des questions concernant la r\u00e9servation aux Puces du Canal afin de vendre des objets ? Professionnels et particuliers, nous vous apportons les r\u00e9ponses \u00e0 toutes vos questions ! Qui peut d\u00e9baller aux Puces du Canal et comment ? JEUDI (professionnels uniquement)Tarif unique : 30\u20ac (20, 30 ou 40m2). \u00a0Rendez-vous \u00e0 partir de 5:00 [&hellip;]<\/p>\n","protected":false},"author":2,"featured_media":0,"parent":0,"menu_order":0,"comment_status":"closed","ping_status":"closed","template":"","meta":{"_acf_changed":false,"_exactmetrics_skip_tracking":false,"_exactmetrics_sitenote_active":false,"_exactmetrics_sitenote_note":"","_exactmetrics_sitenote_category":0,"footnotes":""},"class_list":["post-10595","page","type-page","status-publish","hentry"],"acf":[],"aioseo_notices":[],"_links":{"self":[{"href":"https:\/\/www.pucesducanal.com\/fr\/wp-json\/wp\/v2\/pages\/10595","targetHints":{"allow":["GET"]}}],"collection":[{"href":"https:\/\/www.pucesducanal.com\/fr\/wp-json\/wp\/v2\/pages"}],"about":[{"href":"https:\/\/www.pucesducanal.com\/fr\/wp-json\/wp\/v2\/types\/page"}],"author":[{"embeddable":true,"href":"https:\/\/www.pucesducanal.com\/fr\/wp-json\/wp\/v2\/users\/2"}],"replies":[{"embeddable":true,"href":"https:\/\/www.pucesducanal.com\/fr\/wp-json\/wp\/v2\/comments?post=10595"}],"version-history":[{"count":8,"href":"https:\/\/www.pucesducanal.com\/fr\/wp-json\/wp\/v2\/pages\/10595\/revisions"}],"predecessor-version":[{"id":10912,"href":"https:\/\/www.pucesducanal.com\/fr\/wp-json\/wp\/v2\/pages\/10595\/revisions\/10912"}],"wp:attachment":[{"href":"https:\/\/www.pucesducanal.com\/fr\/wp-json\/wp\/v2\/media?parent=10595"}],"curies":[{"name":"wp","href":"https:\/\/api.w.org\/{rel}","templated":true}]}}