{"id":10579,"date":"2024-11-05T02:38:06","date_gmt":"2024-11-05T01:38:06","guid":{"rendered":"https:\/\/www.pucesducanal.com\/?page_id=10579"},"modified":"2026-04-09T15:06:04","modified_gmt":"2026-04-09T13:06:04","slug":"reservation-deballage-international","status":"publish","type":"page","link":"https:\/\/www.pucesducanal.com\/fr\/reservation-deballage-international\/","title":{"rendered":"D\u00e9ballage international aux Puces du Canal"},"content":{"rendered":"\t\t<div data-elementor-type=\"wp-page\" data-elementor-id=\"10579\" class=\"elementor elementor-10579\">\n\t\t\t\t<div class=\"elementor-element elementor-element-ee396bc e-flex e-con-boxed e-con e-parent\" data-id=\"ee396bc\" data-element_type=\"container\" data-e-type=\"container\">\n\t\t\t\t\t<div class=\"e-con-inner\">\n\t\t<div class=\"elementor-element elementor-element-bf09a44 e-con-full e-flex e-con e-child\" data-id=\"bf09a44\" data-element_type=\"container\" data-e-type=\"container\">\n\t\t\t\t<div class=\"elementor-element elementor-element-a089b4f elementor-widget elementor-widget-image\" data-id=\"a089b4f\" data-element_type=\"widget\" data-e-type=\"widget\" data-widget_type=\"image.default\">\n\t\t\t\t<div class=\"elementor-widget-container\">\n\t\t\t\t\t\t\t\t\t\t\t\t\t\t\t<img fetchpriority=\"high\" decoding=\"async\" width=\"1024\" height=\"683\" src=\"https:\/\/www.pucesducanal.com\/wp-content\/uploads\/2021\/11\/\u00a9ANTHONY-BABE_01-1024x683.jpg\" class=\"attachment-large size-large wp-image-7302\" alt=\"\" srcset=\"https:\/\/www.pucesducanal.com\/wp-content\/uploads\/2021\/11\/\u00a9ANTHONY-BABE_01-1024x683.jpg 1024w, https:\/\/www.pucesducanal.com\/wp-content\/uploads\/2021\/11\/\u00a9ANTHONY-BABE_01-300x200.jpg 300w\" sizes=\"(max-width: 1024px) 100vw, 1024px\" \/>\t\t\t\t\t\t\t\t\t\t\t\t\t\t\t<\/div>\n\t\t\t\t<\/div>\n\t\t\t\t<\/div>\n\t\t<div class=\"elementor-element elementor-element-b1c5c91 e-con-full e-flex e-con e-child\" data-id=\"b1c5c91\" data-element_type=\"container\" data-e-type=\"container\">\n\t\t<div class=\"elementor-element elementor-element-920af9b e-con-full e-flex e-con e-child\" data-id=\"920af9b\" data-element_type=\"container\" data-e-type=\"container\">\n\t\t\t\t<div class=\"elementor-element elementor-element-beb7fa1 elementor-widget elementor-widget-text-editor\" data-id=\"beb7fa1\" data-element_type=\"widget\" data-e-type=\"widget\" data-widget_type=\"text-editor.default\">\n\t\t\t\t<div class=\"elementor-widget-container\">\n\t\t\t\t\t\t\t\t\t<p>Les Puces du Canal, rendez\u2011vous historique des amateurs d&rsquo;objets anciens, de mobilier, de vaisselle, de bibelots et de tr\u00e9sors vintage, accueillent pour 2026 une nouvelle \u00e9dition du D\u00e9ballage International pens\u00e9e pour faciliter les arriv\u00e9es et optimiser les ventes.<\/p>\t\t\t\t\t\t\t\t<\/div>\n\t\t\t\t<\/div>\n\t\t\t\t<div class=\"elementor-element elementor-element-648d050 elementor-widget elementor-widget-heading\" data-id=\"648d050\" data-element_type=\"widget\" data-e-type=\"widget\" data-widget_type=\"heading.default\">\n\t\t\t\t<div class=\"elementor-widget-container\">\n\t\t\t\t\t<h2 class=\"elementor-heading-title elementor-size-default\">Lyon \u2014 carrefour du commerce et de la brocante<\/h2>\t\t\t\t<\/div>\n\t\t\t\t<\/div>\n\t\t\t\t<div class=\"elementor-element elementor-element-63c64c8 elementor-widget elementor-widget-text-editor\" data-id=\"63c64c8\" data-element_type=\"widget\" data-e-type=\"widget\" data-widget_type=\"text-editor.default\">\n\t\t\t\t<div class=\"elementor-widget-container\">\n\t\t\t\t\t\t\t\t\t<p>Situ\u00e9e au c\u0153ur de la r\u00e9gion Auvergne\u2011Rh\u00f4ne\u2011Alpes, Lyon est une \u00e9tape strat\u00e9gique pour les professionnels et les chineurs. \u00c0 mi\u2011chemin entre le Sud de la France et l&rsquo;Europe du Nord, la ville attire marchands, antiquaires et collectionneurs gr\u00e2ce \u00e0 ses acc\u00e8s autoroutiers, son r\u00e9seau ferroviaire et son dynamisme commercial.<\/p>\t\t\t\t\t\t\t\t<\/div>\n\t\t\t\t<\/div>\n\t\t\t\t<\/div>\n\t\t\t\t<\/div>\n\t\t\t\t\t<\/div>\n\t\t\t\t<\/div>\n\t\t<div class=\"elementor-element elementor-element-7ef01b0 e-flex e-con-boxed e-con e-parent\" data-id=\"7ef01b0\" data-element_type=\"container\" data-e-type=\"container\">\n\t\t\t\t\t<div class=\"e-con-inner\">\n\t\t\t\t<div class=\"elementor-element elementor-element-7ca5151 elementor-align-center elementor-widget elementor-widget-button\" data-id=\"7ca5151\" data-element_type=\"widget\" data-e-type=\"widget\" data-widget_type=\"button.default\">\n\t\t\t\t<div class=\"elementor-widget-container\">\n\t\t\t\t\t\t\t\t\t<div class=\"elementor-button-wrapper\">\n\t\t\t\t\t<a class=\"elementor-button elementor-button-link elementor-size-sm\" href=\"https:\/\/yp.events\/68076e22-9e18-42c6-8ed4-69021a466d39\/Deballage-international-25-06-2026-reserve-aux-professionnels\/ticketing\" target=\"_blank\">\n\t\t\t\t\t\t<span class=\"elementor-button-content-wrapper\">\n\t\t\t\t\t\t\t\t\t<span class=\"elementor-button-text\">Je suis professionnel et je souhaite d\u00e9baller<\/span>\n\t\t\t\t\t<\/span>\n\t\t\t\t\t<\/a>\n\t\t\t\t<\/div>\n\t\t\t\t\t\t\t\t<\/div>\n\t\t\t\t<\/div>\n\t\t\t\t<div class=\"elementor-element elementor-element-348a8e7 elementor-widget elementor-widget-text-editor\" data-id=\"348a8e7\" data-element_type=\"widget\" data-e-type=\"widget\" data-widget_type=\"text-editor.default\">\n\t\t\t\t<div class=\"elementor-widget-container\">\n\t\t\t\t\t\t\t\t\t<h2>Les dates du d\u00e9ballage international aux Puces du Canal en 2026<\/h2><ul><li><p><strong>Jeudi 12 f\u00e9vrier 2026<\/strong><\/p><\/li><li><p><strong>Jeudi 9 avril 2026<\/strong><\/p><\/li><li><p><strong>Jeudi 25 juin 2026<\/strong><\/p><\/li><\/ul>\t\t\t\t\t\t\t\t<\/div>\n\t\t\t\t<\/div>\n\t\t\t\t<div class=\"elementor-element elementor-element-4b91d4f elementor-widget elementor-widget-text-editor\" data-id=\"4b91d4f\" data-element_type=\"widget\" data-e-type=\"widget\" data-widget_type=\"text-editor.default\">\n\t\t\t\t<div class=\"elementor-widget-container\">\n\t\t\t\t\t\t\t\t\t<hr \/><p style=\"padding-left: 80px;\">Nouveaut\u00e9 : les d\u00e9ballages passent au <strong>jeudi<\/strong>, pour permettre aux marchands venant du Sud (Avignon, Montpellier, B\u00e9ziers, Carpentras&#8230;) de faire une halte naturelle \u00e0 Lyon sur leur tourn\u00e9e.<\/p><hr \/><p>\u00a0<\/p>\t\t\t\t\t\t\t\t<\/div>\n\t\t\t\t<\/div>\n\t\t\t\t<div class=\"elementor-element elementor-element-752443b elementor-widget elementor-widget-text-editor\" data-id=\"752443b\" data-element_type=\"widget\" data-e-type=\"widget\" data-widget_type=\"text-editor.default\">\n\t\t\t\t<div class=\"elementor-widget-container\">\n\t\t\t\t\t\t\t\t\t<h2>Les horaires du d\u00e9ballage international<\/h2><ul><li>Installation des marchands : d\u00e8s 6h<\/li><li>Ouverture aux marchands acheteurs : 7h<\/li><li>Ouverture aux particuliers : 8h<\/li><\/ul>\t\t\t\t\t\t\t\t<\/div>\n\t\t\t\t<\/div>\n\t\t\t\t\t<\/div>\n\t\t\t\t<\/div>\n\t\t<div class=\"elementor-element elementor-element-a9c689e e-grid e-con-boxed e-con e-parent\" data-id=\"a9c689e\" data-element_type=\"container\" data-e-type=\"container\">\n\t\t\t\t\t<div class=\"e-con-inner\">\n\t\t\t\t<div class=\"elementor-element elementor-element-89885fc elementor-widget elementor-widget-text-editor\" data-id=\"89885fc\" data-element_type=\"widget\" data-e-type=\"widget\" data-widget_type=\"text-editor.default\">\n\t\t\t\t<div class=\"elementor-widget-container\">\n\t\t\t\t\t\t\t\t\t<h2>Je suis marchand<\/h2><ul><li class=\"cvGsUA direction-ltr align-start para-style-body\">Vente<\/li><\/ul><p>Je peux m&rsquo;inscrire au d\u00e9ballage international <a href=\"https:\/\/yurplan.com\/orga\/Puces-du-Canal-Lyon-Villeurbanne\/3889#\/\" target=\"_blank\" rel=\"noopener\">en ligne via Yurplan<\/a> ou<a href=\"https:\/\/www.canva.com\/design\/DAG5VVsuofI\/k2tAMEUsdDzsnj8x2LGfBQ\/view?utm_content=DAG5VVsuofI&amp;utm_campaign=designshare&amp;utm_medium=link2&amp;utm_source=uniquelinks&amp;utlId=h8c86b33185\" target=\"_blank\" rel=\"noopener\"> via un formulaire papier<\/a> \u00e0 retourner avec mon Kbis, une attestation d&rsquo;assurance et mon r\u00e8glement.<\/p><ul><li>Achat<\/li><\/ul><p>Je peux venir acheter d\u00e8s 7h sur justificatif professionnel (kbis de moins de 3 mois) lors du d\u00e9ballage international.<\/p>\t\t\t\t\t\t\t\t<\/div>\n\t\t\t\t<\/div>\n\t\t\t\t<div class=\"elementor-element elementor-element-1c61621 elementor-widget elementor-widget-text-editor\" data-id=\"1c61621\" data-element_type=\"widget\" data-e-type=\"widget\" data-widget_type=\"text-editor.default\">\n\t\t\t\t<div class=\"elementor-widget-container\">\n\t\t\t\t\t\t\t\t\t<h2>Je suis particulier<\/h2><ul><li class=\"cvGsUA direction-ltr align-start para-style-body\"><span class=\"OYPEnA font-feature-liga-off font-feature-clig-off font-feature-calt-off text-decoration-none text-strikethrough-none\">Vente\u00a0<\/span><\/li><\/ul><p>La vente au d\u00e9ballage international est r\u00e9serv\u00e9e aux professionnels, fran\u00e7ais et internationaux.<\/p><ul><li>Achat<\/li><\/ul><p>Je peux venir acheter aux Puces du Canal pour le d\u00e9ballage international d\u00e8s 8h en tant que particulier.<\/p>\t\t\t\t\t\t\t\t<\/div>\n\t\t\t\t<\/div>\n\t\t\t\t\t<\/div>\n\t\t\t\t<\/div>\n\t\t<div class=\"elementor-element elementor-element-15c3213 e-flex e-con-boxed e-con e-parent\" data-id=\"15c3213\" data-element_type=\"container\" data-e-type=\"container\">\n\t\t\t\t\t<div class=\"e-con-inner\">\n\t\t<div class=\"elementor-element elementor-element-03e65d6 e-con-full e-flex e-con e-child\" data-id=\"03e65d6\" data-element_type=\"container\" data-e-type=\"container\">\n\t\t\t\t<div class=\"elementor-element elementor-element-6b668c9 elementor-widget elementor-widget-text-editor\" data-id=\"6b668c9\" data-element_type=\"widget\" data-e-type=\"widget\" data-widget_type=\"text-editor.default\">\n\t\t\t\t<div class=\"elementor-widget-container\">\n\t\t\t\t\t\t\t\t\t<h2>Le tarif du d\u00e9ballage international aux Puces du Canal<\/h2><p><em>Emplacement ext\u00e9rieur de 50m\u00b2<\/em><\/p><ul><li><p><strong>1 jeudi<\/strong> : 100\u20ac<\/p><\/li><li><p><strong>2 jeudis<\/strong> : 180\u20ac<\/p><\/li><li><p><strong>3 jeudis<\/strong> : 240\u20ac<\/p><\/li><\/ul>\t\t\t\t\t\t\t\t<\/div>\n\t\t\t\t<\/div>\n\t\t\t\t<\/div>\n\t\t<div class=\"elementor-element elementor-element-19e9afc e-con-full e-flex e-con e-child\" data-id=\"19e9afc\" data-element_type=\"container\" data-e-type=\"container\">\n\t\t\t\t<div class=\"elementor-element elementor-element-e1ed054 elementor-widget elementor-widget-image\" data-id=\"e1ed054\" data-element_type=\"widget\" data-e-type=\"widget\" data-widget_type=\"image.default\">\n\t\t\t\t<div class=\"elementor-widget-container\">\n\t\t\t\t\t\t\t\t\t\t\t\t\t\t\t<img decoding=\"async\" width=\"500\" height=\"500\" src=\"https:\/\/www.pucesducanal.com\/wp-content\/uploads\/2025\/02\/IMG_1413-500x500.jpg\" class=\"attachment-Image Size 500x500 size-Image Size 500x500 wp-image-10808\" alt=\"\" srcset=\"https:\/\/www.pucesducanal.com\/wp-content\/uploads\/2025\/02\/IMG_1413-500x500.jpg 500w, https:\/\/www.pucesducanal.com\/wp-content\/uploads\/2025\/02\/IMG_1413-150x150.jpg 150w\" sizes=\"(max-width: 500px) 100vw, 500px\" \/>\t\t\t\t\t\t\t\t\t\t\t\t\t\t\t<\/div>\n\t\t\t\t<\/div>\n\t\t\t\t<\/div>\n\t\t\t\t\t<\/div>\n\t\t\t\t<\/div>\n\t\t<div class=\"elementor-element elementor-element-e3d0ef9 e-flex e-con-boxed e-con e-parent\" data-id=\"e3d0ef9\" data-element_type=\"container\" data-e-type=\"container\">\n\t\t\t\t\t<div class=\"e-con-inner\">\n\t\t\t\t<div class=\"elementor-element elementor-element-aec5140 elementor-widget elementor-widget-shortcode\" data-id=\"aec5140\" data-element_type=\"widget\" data-e-type=\"widget\" data-widget_type=\"shortcode.default\">\n\t\t\t\t<div class=\"elementor-widget-container\">\n\t\t\t\t\t\t\t<div class=\"elementor-shortcode\"><div class=\"yurplan-widget-container\" style=\"padding: 16px;\">\n    <iframe\n        src=\"https:\/\/yurplan.com\/events\/Deballage-international-25-06-2026-reserve-aux-professionnels\/201494\/tickets\/widget?widget=dGlja2V0aW5nV2lkZ2V0WXBfMTk5NDY2XzIwNDk4NA%3D%3D&from=widget_204984&wversion=1&culture=fr\"\n        width=\"100%\"\n        height=\"100%\"\n        scrolling=\"auto\"\n        frameborder=\"0\"\n        class=\"yurplan-widget\"\n        id=\"yurplan-widget-204984\"\n        data-id=\"204984\"\n    >\n    <\/iframe>\n        <a\n        href=\"https:\/\/yurplan.com\/billetterie-en-ligne?utm_source=referral&utm_medium=widget&utm_campaign=lien_billetterie_widget\"\n        target=\"_blank\"\n        class=\"yurplan-widget-link-204984\"\n    >\n        Solution de gestion d'\u00e9v\u00e9nements pour organisateurs    <\/a>\n    <\/div>\n<script type=\"text\/javascript\" src=\"https:\/\/assets.yurplan.com\/yurplan-v1\/dist\/widget.js\"><\/script>\n<\/div>\n\t\t\t\t\t\t<\/div>\n\t\t\t\t<\/div>\n\t\t\t\t<div class=\"elementor-element elementor-element-3b54916 elementor-widget elementor-widget-text-editor\" data-id=\"3b54916\" data-element_type=\"widget\" data-e-type=\"widget\" data-widget_type=\"text-editor.default\">\n\t\t\t\t<div class=\"elementor-widget-container\">\n\t\t\t\t\t\t\t\t\t<h2>Qui participe ?<\/h2><p>Le D\u00e9ballage International s&rsquo;adresse aux :<\/p><ul data-spread=\"false\"><li><p>Antiquaires et brocanteurs professionnels<\/p><\/li><li><p>Marchands sp\u00e9cialis\u00e9s en mobilier, objets d&rsquo;art, luminaires, vaisselle, bibelots, livres anciens<\/p><\/li><li><p>Distributeurs d&rsquo;objets vintage, design et upcycling<\/p><\/li><li><p>Collectionneurs et professionnels du n\u00e9goce europ\u00e9en<\/p><\/li><\/ul><p>C&rsquo;est l&rsquo;occasion id\u00e9ale pour rencontrer une client\u00e8le nationale et internationale, proposer des lots cons\u00e9quents, et b\u00e9n\u00e9ficier d&rsquo;une forte fr\u00e9quentation locale.<\/p>\t\t\t\t\t\t\t\t<\/div>\n\t\t\t\t<\/div>\n\t\t\t\t<div class=\"elementor-element elementor-element-ddb2781 elementor-widget elementor-widget-text-editor\" data-id=\"ddb2781\" data-element_type=\"widget\" data-e-type=\"widget\" data-widget_type=\"text-editor.default\">\n\t\t\t\t<div class=\"elementor-widget-container\">\n\t\t\t\t\t\t\t\t\t<h2>Pourquoi venir aux Puces du Canal ?<\/h2><ul data-spread=\"false\"><li><p><strong>Un march\u00e9 toute l&rsquo;ann\u00e9e :\u00a0<\/strong>Les Puces du Canal rassemblent 200 boutiques ouvertes tous les jeudis, samedis et dimanches de l&rsquo;ann\u00e9e et jusqu&rsquo;\u00e0 400 places de d\u00e9ballage ext\u00e9rieur.<\/p><\/li><li><p><strong>Position strat\u00e9gique :<\/strong> Lyon est une plaque tournante qui facilite le passage des tourn\u00e9es professionnelles entre le Sud et le Nord.<\/p><\/li><li><p><strong>Affluence cibl\u00e9e :<\/strong> public de passionn\u00e9s, chineurs, d\u00e9corateurs et professionnels de la revente.<\/p><\/li><li><p><strong>Visibilit\u00e9 :<\/strong> communication locale et r\u00e9gionale pour soutenir la fr\u00e9quentation des d\u00e9ballages.<\/p><\/li><li><p><strong>Ambiance et patrimoine :<\/strong> un march\u00e9 avec une \u00e2me, des marchands historiques et une identit\u00e9 forte tourn\u00e9e vers la seconde vie des objets.<\/p><\/li><\/ul><p>\u00a0<\/p>\t\t\t\t\t\t\t\t<\/div>\n\t\t\t\t<\/div>\n\t\t\t\t\t<\/div>\n\t\t\t\t<\/div>\n\t\t<div class=\"elementor-element elementor-element-60f2b63 e-grid e-con-boxed e-con e-parent\" data-id=\"60f2b63\" data-element_type=\"container\" data-e-type=\"container\">\n\t\t\t\t\t<div class=\"e-con-inner\">\n\t\t\t\t<div class=\"elementor-element elementor-element-b5681b7 elementor-widget elementor-widget-image\" data-id=\"b5681b7\" data-element_type=\"widget\" data-e-type=\"widget\" data-widget_type=\"image.default\">\n\t\t\t\t<div class=\"elementor-widget-container\">\n\t\t\t\t\t\t\t\t\t\t\t\t\t\t\t<img decoding=\"async\" width=\"576\" height=\"768\" src=\"https:\/\/www.pucesducanal.com\/wp-content\/uploads\/2025\/02\/IMG_1470.jpg\" class=\"attachment-large size-large wp-image-10814\" alt=\"\" srcset=\"https:\/\/www.pucesducanal.com\/wp-content\/uploads\/2025\/02\/IMG_1470.jpg 576w, https:\/\/www.pucesducanal.com\/wp-content\/uploads\/2025\/02\/IMG_1470-225x300.jpg 225w, https:\/\/www.pucesducanal.com\/wp-content\/uploads\/2025\/02\/IMG_1470-9x12.jpg 9w\" sizes=\"(max-width: 576px) 100vw, 576px\" \/>\t\t\t\t\t\t\t\t\t\t\t\t\t\t\t<\/div>\n\t\t\t\t<\/div>\n\t\t\t\t<div class=\"elementor-element elementor-element-94669d6 elementor-widget elementor-widget-image\" data-id=\"94669d6\" data-element_type=\"widget\" data-e-type=\"widget\" data-widget_type=\"image.default\">\n\t\t\t\t<div class=\"elementor-widget-container\">\n\t\t\t\t\t\t\t\t\t\t\t\t\t\t\t<img loading=\"lazy\" decoding=\"async\" width=\"576\" height=\"768\" src=\"https:\/\/www.pucesducanal.com\/wp-content\/uploads\/2025\/02\/IMG_1450.jpg\" class=\"attachment-large size-large wp-image-10812\" alt=\"\" srcset=\"https:\/\/www.pucesducanal.com\/wp-content\/uploads\/2025\/02\/IMG_1450.jpg 576w, https:\/\/www.pucesducanal.com\/wp-content\/uploads\/2025\/02\/IMG_1450-225x300.jpg 225w, https:\/\/www.pucesducanal.com\/wp-content\/uploads\/2025\/02\/IMG_1450-9x12.jpg 9w\" sizes=\"(max-width: 576px) 100vw, 576px\" \/>\t\t\t\t\t\t\t\t\t\t\t\t\t\t\t<\/div>\n\t\t\t\t<\/div>\n\t\t\t\t<div class=\"elementor-element elementor-element-f388643 elementor-widget elementor-widget-image\" data-id=\"f388643\" data-element_type=\"widget\" data-e-type=\"widget\" data-widget_type=\"image.default\">\n\t\t\t\t<div class=\"elementor-widget-container\">\n\t\t\t\t\t\t\t\t\t\t\t\t\t\t\t<img loading=\"lazy\" decoding=\"async\" width=\"576\" height=\"768\" src=\"https:\/\/www.pucesducanal.com\/wp-content\/uploads\/2025\/02\/IMG_1461.jpg\" class=\"attachment-large size-large wp-image-10813\" alt=\"\" srcset=\"https:\/\/www.pucesducanal.com\/wp-content\/uploads\/2025\/02\/IMG_1461.jpg 576w, https:\/\/www.pucesducanal.com\/wp-content\/uploads\/2025\/02\/IMG_1461-225x300.jpg 225w, https:\/\/www.pucesducanal.com\/wp-content\/uploads\/2025\/02\/IMG_1461-9x12.jpg 9w\" sizes=\"(max-width: 576px) 100vw, 576px\" \/>\t\t\t\t\t\t\t\t\t\t\t\t\t\t\t<\/div>\n\t\t\t\t<\/div>\n\t\t\t\t<div class=\"elementor-element elementor-element-e04e641 elementor-widget elementor-widget-image\" data-id=\"e04e641\" data-element_type=\"widget\" data-e-type=\"widget\" data-widget_type=\"image.default\">\n\t\t\t\t<div class=\"elementor-widget-container\">\n\t\t\t\t\t\t\t\t\t\t\t\t\t\t\t<img loading=\"lazy\" decoding=\"async\" width=\"576\" height=\"768\" src=\"https:\/\/www.pucesducanal.com\/wp-content\/uploads\/2025\/02\/IMG_1413.jpg\" class=\"attachment-large size-large wp-image-10808\" alt=\"\" srcset=\"https:\/\/www.pucesducanal.com\/wp-content\/uploads\/2025\/02\/IMG_1413.jpg 576w, https:\/\/www.pucesducanal.com\/wp-content\/uploads\/2025\/02\/IMG_1413-225x300.jpg 225w, https:\/\/www.pucesducanal.com\/wp-content\/uploads\/2025\/02\/IMG_1413-9x12.jpg 9w\" sizes=\"(max-width: 576px) 100vw, 576px\" \/>\t\t\t\t\t\t\t\t\t\t\t\t\t\t\t<\/div>\n\t\t\t\t<\/div>\n\t\t\t\t<div class=\"elementor-element elementor-element-a040730 elementor-widget elementor-widget-image\" data-id=\"a040730\" data-element_type=\"widget\" data-e-type=\"widget\" data-widget_type=\"image.default\">\n\t\t\t\t<div class=\"elementor-widget-container\">\n\t\t\t\t\t\t\t\t\t\t\t\t\t\t\t<img loading=\"lazy\" decoding=\"async\" width=\"576\" height=\"768\" src=\"https:\/\/www.pucesducanal.com\/wp-content\/uploads\/2025\/02\/Transports-Elwood-5.jpg\" class=\"attachment-large size-large wp-image-10815\" alt=\"\" srcset=\"https:\/\/www.pucesducanal.com\/wp-content\/uploads\/2025\/02\/Transports-Elwood-5.jpg 576w, https:\/\/www.pucesducanal.com\/wp-content\/uploads\/2025\/02\/Transports-Elwood-5-225x300.jpg 225w, https:\/\/www.pucesducanal.com\/wp-content\/uploads\/2025\/02\/Transports-Elwood-5-9x12.jpg 9w\" sizes=\"(max-width: 576px) 100vw, 576px\" \/>\t\t\t\t\t\t\t\t\t\t\t\t\t\t\t<\/div>\n\t\t\t\t<\/div>\n\t\t\t\t\t<\/div>\n\t\t\t\t<\/div>\n\t\t<div class=\"elementor-element elementor-element-4f55962 e-flex e-con-boxed e-con e-parent\" data-id=\"4f55962\" data-element_type=\"container\" data-e-type=\"container\">\n\t\t\t\t\t<div class=\"e-con-inner\">\n\t\t\t\t<div class=\"elementor-element elementor-element-21a139a elementor-align-center elementor-widget elementor-widget-button\" data-id=\"21a139a\" data-element_type=\"widget\" data-e-type=\"widget\" data-widget_type=\"button.default\">\n\t\t\t\t<div class=\"elementor-widget-container\">\n\t\t\t\t\t\t\t\t\t<div class=\"elementor-button-wrapper\">\n\t\t\t\t\t<a class=\"elementor-button elementor-button-link elementor-size-sm\" href=\"https:\/\/yp.events\/68076e22-9e18-42c6-8ed4-69021a466d39\/Deballage-international-25-06-2026-reserve-aux-professionnels\/ticketing\" target=\"_blank\">\n\t\t\t\t\t\t<span class=\"elementor-button-content-wrapper\">\n\t\t\t\t\t\t\t\t\t<span class=\"elementor-button-text\">Je suis professionnel et je souhaite d\u00e9baller<\/span>\n\t\t\t\t\t<\/span>\n\t\t\t\t\t<\/a>\n\t\t\t\t<\/div>\n\t\t\t\t\t\t\t\t<\/div>\n\t\t\t\t<\/div>\n\t\t\t\t\t<\/div>\n\t\t\t\t<\/div>\n\t\t\t\t<\/div>\n\t\t","protected":false},"excerpt":{"rendered":"<p>Les Puces du Canal, rendez\u2011vous historique des amateurs d&rsquo;objets anciens, de mobilier, de vaisselle, de bibelots et de tr\u00e9sors vintage, accueillent pour 2026 une nouvelle \u00e9dition du D\u00e9ballage International pens\u00e9e pour faciliter les arriv\u00e9es et optimiser les ventes. Lyon \u2014 carrefour du commerce et de la brocante Situ\u00e9e au c\u0153ur de la r\u00e9gion Auvergne\u2011Rh\u00f4ne\u2011Alpes, Lyon [&hellip;]<\/p>\n","protected":false},"author":2,"featured_media":10589,"parent":0,"menu_order":0,"comment_status":"closed","ping_status":"closed","template":"","meta":{"_acf_changed":false,"_exactmetrics_skip_tracking":false,"_exactmetrics_sitenote_active":false,"_exactmetrics_sitenote_note":"","_exactmetrics_sitenote_category":0,"footnotes":""},"class_list":["post-10579","page","type-page","status-publish","has-post-thumbnail","hentry"],"acf":[],"aioseo_notices":[],"_links":{"self":[{"href":"https:\/\/www.pucesducanal.com\/fr\/wp-json\/wp\/v2\/pages\/10579","targetHints":{"allow":["GET"]}}],"collection":[{"href":"https:\/\/www.pucesducanal.com\/fr\/wp-json\/wp\/v2\/pages"}],"about":[{"href":"https:\/\/www.pucesducanal.com\/fr\/wp-json\/wp\/v2\/types\/page"}],"author":[{"embeddable":true,"href":"https:\/\/www.pucesducanal.com\/fr\/wp-json\/wp\/v2\/users\/2"}],"replies":[{"embeddable":true,"href":"https:\/\/www.pucesducanal.com\/fr\/wp-json\/wp\/v2\/comments?post=10579"}],"version-history":[{"count":41,"href":"https:\/\/www.pucesducanal.com\/fr\/wp-json\/wp\/v2\/pages\/10579\/revisions"}],"predecessor-version":[{"id":11444,"href":"https:\/\/www.pucesducanal.com\/fr\/wp-json\/wp\/v2\/pages\/10579\/revisions\/11444"}],"wp:featuredmedia":[{"embeddable":true,"href":"https:\/\/www.pucesducanal.com\/fr\/wp-json\/wp\/v2\/media\/10589"}],"wp:attachment":[{"href":"https:\/\/www.pucesducanal.com\/fr\/wp-json\/wp\/v2\/media?parent=10579"}],"curies":[{"name":"wp","href":"https:\/\/api.w.org\/{rel}","templated":true}]}}